{"id":460,"date":"2022-10-17T13:49:38","date_gmt":"2022-10-17T11:49:38","guid":{"rendered":"http:\/\/creacom-paca.fr\/?page_id=460"},"modified":"2022-10-24T11:46:22","modified_gmt":"2022-10-24T09:46:22","slug":"politique-de-confidentialite-2","status":"publish","type":"page","link":"https:\/\/creacom-paca.fr\/?page_id=460","title":{"rendered":"Politique de confidentialit\u00e9"},"content":{"rendered":"\t\t<div data-elementor-type=\"wp-page\" data-elementor-id=\"460\" class=\"elementor elementor-460\">\n\t\t\t\t\t\t\t\t\t<section class=\"elementor-section elementor-top-section elementor-element elementor-element-3d4f440 elementor-section-boxed elementor-section-height-default elementor-section-height-default\" data-id=\"3d4f440\" data-element_type=\"section\">\n\t\t\t\t\t\t<div class=\"elementor-container elementor-column-gap-default\">\n\t\t\t\t\t<div class=\"elementor-column elementor-col-100 elementor-top-column elementor-element elementor-element-6bc3aca\" data-id=\"6bc3aca\" data-element_type=\"column\">\n\t\t\t<div class=\"elementor-widget-wrap elementor-element-populated\">\n\t\t\t\t\t\t\t\t<div class=\"elementor-element elementor-element-d6dc6b6 elementor-widget elementor-widget-heading\" data-id=\"d6dc6b6\" data-element_type=\"widget\" data-widget_type=\"heading.default\">\n\t\t\t\t<div class=\"elementor-widget-container\">\n\t\t\t<style>\/*! elementor - v3.17.0 - 25-10-2023 *\/\n.elementor-heading-title{padding:0;margin:0;line-height:1}.elementor-widget-heading .elementor-heading-title[class*=elementor-size-]>a{color:inherit;font-size:inherit;line-height:inherit}.elementor-widget-heading .elementor-heading-title.elementor-size-small{font-size:15px}.elementor-widget-heading .elementor-heading-title.elementor-size-medium{font-size:19px}.elementor-widget-heading .elementor-heading-title.elementor-size-large{font-size:29px}.elementor-widget-heading .elementor-heading-title.elementor-size-xl{font-size:39px}.elementor-widget-heading .elementor-heading-title.elementor-size-xxl{font-size:59px}<\/style><h2 class=\"elementor-heading-title elementor-size-default\">Politique de confidentialit\u00e9<\/h2>\t\t<\/div>\n\t\t\t\t<\/div>\n\t\t\t\t\t<\/div>\n\t\t<\/div>\n\t\t\t\t\t\t\t<\/div>\n\t\t<\/section>\n\t\t\t\t<section class=\"elementor-section elementor-top-section elementor-element elementor-element-e16c324 elementor-section-boxed elementor-section-height-default elementor-section-height-default\" data-id=\"e16c324\" data-element_type=\"section\">\n\t\t\t\t\t\t<div class=\"elementor-container elementor-column-gap-default\">\n\t\t\t\t\t<div class=\"elementor-column elementor-col-100 elementor-top-column elementor-element elementor-element-04b2d25\" data-id=\"04b2d25\" data-element_type=\"column\">\n\t\t\t<div class=\"elementor-widget-wrap elementor-element-populated\">\n\t\t\t\t\t\t\t\t<div class=\"elementor-element elementor-element-df1ed53 elementor-widget elementor-widget-text-editor\" data-id=\"df1ed53\" data-element_type=\"widget\" data-widget_type=\"text-editor.default\">\n\t\t\t\t<div class=\"elementor-widget-container\">\n\t\t\t<style>\/*! elementor - v3.17.0 - 25-10-2023 *\/\n.elementor-widget-text-editor.elementor-drop-cap-view-stacked .elementor-drop-cap{background-color:#69727d;color:#fff}.elementor-widget-text-editor.elementor-drop-cap-view-framed .elementor-drop-cap{color:#69727d;border:3px solid;background-color:transparent}.elementor-widget-text-editor:not(.elementor-drop-cap-view-default) .elementor-drop-cap{margin-top:8px}.elementor-widget-text-editor:not(.elementor-drop-cap-view-default) .elementor-drop-cap-letter{width:1em;height:1em}.elementor-widget-text-editor .elementor-drop-cap{float:left;text-align:center;line-height:1;font-size:50px}.elementor-widget-text-editor .elementor-drop-cap-letter{display:inline-block}<\/style>\t\t\t\t<p>1 \u2013 Pr\u00e9sentation du site :<\/p><p>En vertu 6 de la loi n\u00b0 2004-575 du 21 juin 2004\u00a0pour la confiance dans l\u2019\u00e9conomie num\u00e9rique, il est pr\u00e9cis\u00e9 aux utilisateurs du site internet creacom-paca.fr\u00a0l\u2019identit\u00e9 des diff\u00e9rents intervenants dans le cadre de sa r\u00e9alisation et de son suivi :<\/p><p><b>Propri\u00e9taire du site :\u00a0<\/b>Turrier Denys \u2013 135 Chemin du Petit Toni 13150 Boulbon.<\/p><p><b>T\u00e9l.<\/b> 0611840675<\/p><p><b>mail<\/b> : made-in-13@orange.fr<\/p><p><b>Identification de l\u2019entreprise :\u00a0<\/b>SIRET : 33290315200020<\/p><p><b style=\"font-style: inherit; color: var( --e-global-color-text ); font-family: var( --e-global-typography-text-font-family ), Sans-serif; background-color: var(--ast-global-color-5);\">Directeur de la publication :<\/b><span style=\"font-style: inherit; font-weight: inherit; color: var( --e-global-color-text ); font-family: var( --e-global-typography-text-font-family ), Sans-serif; background-color: var(--ast-global-color-5);\">\u00a0Denys Turrier<\/span><\/p><p><b>H\u00e9bergeur :<\/b>\u00a0OVH \u2013 2 rue Kellermann \u2013 59100 Roubaix \u2013 France<\/p><p><b>D\u00e9l\u00e9gu\u00e9 \u00e0 la protection des donn\u00e9es :\u00a0<\/b>Denys Turrier<\/p><p><b>2 \u2013 Propri\u00e9t\u00e9 intellectuelle et contrefa\u00e7ons.<\/b><\/p><p>L&rsquo;entreprise\u00a0est propri\u00e9taire des droits de propri\u00e9t\u00e9 intellectuelle et d\u00e9tient les droits d\u2019usage sur tous les \u00e9l\u00e9ments accessibles sur le site internet, notamment les\u00a0 images, graphismes, logos et vid\u00e9os.\u00a0<span style=\"font-style: inherit; font-weight: inherit; color: var( --e-global-color-text ); font-family: var( --e-global-typography-text-font-family ), Sans-serif; background-color: var(--ast-global-color-5);\">Toute reproduction, repr\u00e9sentation, modification, publication, adaptation de tout ou partie des \u00e9l\u00e9ments du site, quel que soit le moyen ou le proc\u00e9d\u00e9 utilis\u00e9, est interdite, sauf autorisation \u00e9crite pr\u00e9alable de Denys Turrier repr\u00e9sentant l&rsquo;entreprise Plan\u00e8te Photos et sa version internet\u00a0 nomm\u00e9e creacom-paca.fr<\/span><\/p><p>Toute exploitation non autoris\u00e9e du site ou de l\u2019un quelconque des \u00e9l\u00e9ments qu\u2019il contient sera consid\u00e9r\u00e9e comme constitutive d\u2019une contrefa\u00e7on et poursuivie conform\u00e9ment aux dispositions des articles L.335-2 et suivants du Code de la Propir\u00e9t\u00e9 intellectuelle.<\/p><p><b>3 \u2013 Utilisation du site<\/b> :<\/p><p>L&rsquo;utilisation du site www.creacom-paca.fr implique l&rsquo;acceptation pleine et enti\u00e8re des conditions g\u00e9n\u00e9rales d&rsquo;utilisation ci-apr\u00e8s d\u00e9crites. Ces conditions d&rsquo;utilisation sont susceptibles d&rsquo;\u00eatre modifi\u00e9es ou compl\u00e9t\u00e9es \u00e0 tout moment. Les utilisateurs du site creacom-paca.fr sont donc invit\u00e9s \u00e0 les consulter de mani\u00e8re r\u00e9guli\u00e8re.<\/p><p>le site creacom-paca.fr est mis \u00e0 jour r\u00e9guli\u00e8rement par Denys Turrier<\/p><p><span style=\"background-color: var(--ast-global-color-5); color: var( --e-global-color-text ); font-family: var( --e-global-typography-text-font-family ), Sans-serif; font-style: inherit;\"><b>4\u2013 Limitations de responsabilit\u00e9.<\/b><\/span><\/p><p>L&rsquo;entreprise plan\u00e8te photos et sa version internet creacom-paca.fr ne pourront \u00eatre tenu pour responsables des dommages directs et indirects caus\u00e9s au mat\u00e9riel de l\u2019utilisateur lors de l\u2019acc\u00e8s au site https:\/\/creacom-paca.fr\/.<\/p><p>L&rsquo;entreprise Plan\u00e8te Photos et sa cr\u00e9ation web creacom-paca.fr repr\u00e9sent\u00e9es par Denys Turrier d\u00e9clinent toute responsabilit\u00e9 quant \u00e0 l\u2019utilisation qui pourrait \u00eatre faite des informations et contenus pr\u00e9sents sur\u00a0<span style=\"color: var( --e-global-color-text ); font-family: var( --e-global-typography-text-font-family ), Sans-serif; font-weight: var( --e-global-typography-text-font-weight ); background-color: var(--ast-global-color-5); font-size: 1rem;\">https:\/\/creacom-paca.fr\/<\/span><span style=\"font-style: inherit; font-weight: inherit; color: var( --e-global-color-text ); font-family: var( --e-global-typography-text-font-family ), Sans-serif; background-color: var(--ast-global-color-5);\">.<\/span><\/p><p><span style=\"color: var( --e-global-color-text ); font-family: var( --e-global-typography-text-font-family ), Sans-serif; font-weight: var( --e-global-typography-text-font-weight ); background-color: var(--ast-global-color-5); font-size: 1rem;\">L&rsquo;entreprise Plan\u00e8te Photos et sa cr\u00e9ation web creacom-paca.fr repr\u00e9sent\u00e9es par Denys Turrier\u00a0<\/span>s\u2019engagent \u00e0 s\u00e9curiser au mieux le site\u00a0https:\/\/creacom-paca.fr cependant, la responsabilit\u00e9 ne pourra \u00eatre mise en cause si des donn\u00e9es ind\u00e9sirables sont import\u00e9es et install\u00e9es sur le site \u00e0 leur insu.<\/p><p>Les espaces interactifs (contact ou commentaires) sont \u00e0 la disposition des utilisateurs.\u00a0L&rsquo;entreprise Plan\u00e8te Photos et sa cr\u00e9ation web creacom-paca.fr\u00a0se r\u00e9servent le droit de supprimer, sans mise en demeure pr\u00e9alable, tout contenu d\u00e9pos\u00e9 dans cet espace qui contreviendrait \u00e0 la l\u00e9gislation applicable en France, en particulier aux dispositions relatives \u00e0 la protection des donn\u00e9es.<\/p><p><b>5 \u2013 CNIL et gestion des donn\u00e9es personnelles<\/b>.<\/p><p><span style=\"font-style: inherit; font-weight: inherit; color: var( --e-global-color-text ); font-family: var( --e-global-typography-text-font-family ), Sans-serif; background-color: var(--ast-global-color-5);\">Conform\u00e9ment aux dispositions dela loi 78-17 du 6 janvier 1978 modifi\u00e9e,\u00a0<\/span><span style=\"font-style: inherit; font-weight: inherit; color: var( --e-global-color-text ); font-family: var( --e-global-typography-text-font-family ), Sans-serif; background-color: var(--ast-global-color-5);\">l\u2019utilisateur du site creacom-paca.fr\u00a0<\/span><span style=\"font-style: inherit; font-weight: inherit; color: var( --e-global-color-text ); font-family: var( --e-global-typography-text-font-family ), Sans-serif; background-color: var(--ast-global-color-5);\">dispose d\u2019un droit d\u2019acc\u00e8s, de modification et de suppression des informations collect\u00e9es. Pour exercer ce droit, envoyez un message \u00e0 : Denys Turrier sur l&rsquo;adresse mail r\u00e9f\u00e9renc\u00e9e dans contact.<\/span><\/p><p><span style=\"font-style: inherit; color: var( --e-global-color-text ); font-family: var( --e-global-typography-text-font-family ), Sans-serif; background-color: var(--ast-global-color-5);\"><b>6 \u2013 Liens hypertextes et cookies<\/b><\/span><\/p><p>Le site https:\/\/creacom-paca.fr\/ contient des liens hypertextes vers d\u2019autres sites et d\u00e9gage toute responsabilit\u00e9 \u00e0 propos de ces liens externes ou des liens cr\u00e9\u00e9s par d\u2019autres sites vers\u00a0<span style=\"color: var( --e-global-color-text ); font-family: var( --e-global-typography-text-font-family ), Sans-serif; font-weight: var( --e-global-typography-text-font-weight ); background-color: var(--ast-global-color-5); font-size: 1rem;\">https:\/\/creacom-paca.fr\/.<\/span><\/p><p>La navigation sur le site\u00a0<span style=\"color: var( --e-global-color-text ); font-family: var( --e-global-typography-text-font-family ), Sans-serif; font-weight: var( --e-global-typography-text-font-weight ); background-color: var(--ast-global-color-5); font-size: 1rem;\">https:\/\/creacom-paca.fr\/\u00a0<\/span><span style=\"font-style: inherit; font-weight: inherit; color: var( --e-global-color-text ); font-family: var( --e-global-typography-text-font-family ), Sans-serif; background-color: var(--ast-global-color-5);\">est susceptible de provoquer l\u2019installation de cookie(s) sur l\u2019ordinateur de l\u2019utilisateur.<\/span><\/p><p>Un \u201ccookie\u201d est un fichier de petite taille qui enregistre des informations relatives \u00e0 la navigation d\u2019un utilisateur sur un site. Les donn\u00e9es ainsi obtenues permettent d\u2019obtenir<span style=\"color: var( --e-global-color-text ); font-family: var( --e-global-typography-text-font-family ), Sans-serif; font-weight: var( --e-global-typography-text-font-weight ); background-color: var(--ast-global-color-5); font-size: 1rem;\">, par exemple,<\/span><span style=\"font-style: inherit; font-weight: inherit; color: var( --e-global-color-text ); font-family: var( --e-global-typography-text-font-family ), Sans-serif; background-color: var(--ast-global-color-5);\">\u00a0des mesures de fr\u00e9quentation.\u00a0<\/span><span style=\"font-style: inherit; font-weight: inherit; color: var( --e-global-color-text ); font-family: var( --e-global-typography-text-font-family ), Sans-serif; background-color: var(--ast-global-color-5);\">Vous avez la possibilit\u00e9\u00a0<\/span><span style=\"font-style: inherit; color: var( --e-global-color-text ); font-family: var( --e-global-typography-text-font-family ), Sans-serif; background-color: var(--ast-global-color-5);\">d\u2019accepter ou de refuser les cookies<\/span><span style=\"font-style: inherit; font-weight: inherit; color: var( --e-global-color-text ); font-family: var( --e-global-typography-text-font-family ), Sans-serif; background-color: var(--ast-global-color-5);\">\u00a0en modifiant les param\u00e8tres de votre navigateur. Aucun cookie ne sera d\u00e9pos\u00e9 sans votre consentement.<\/span><\/p><p>Les cookies sont enregistr\u00e9s pour une dur\u00e9e maximale pr\u00e9vue par la loi en vigueur.<\/p><p><b>7 \u2013 Droit applicable et attribution de juridiction.<\/b><\/p><p>Tout litige en relation avec l\u2019utilisation du site\u00a0<span style=\"color: var( --e-global-color-text ); font-family: var( --e-global-typography-text-font-family ), Sans-serif; font-weight: var( --e-global-typography-text-font-weight ); background-color: var(--ast-global-color-5); font-size: 1rem;\">https:\/\/creacom-paca.fr\/<\/span><span style=\"font-style: inherit; font-weight: inherit; color: var( --e-global-color-text ); font-family: var( --e-global-typography-text-font-family ), Sans-serif; background-color: var(--ast-global-color-5);\">est soumis au droit fran\u00e7ais. En\u00a0dehors des cas o\u00f9 la loi ne le permet pas, il est fait attribution exclusive de juridiction aux tribunaux comp\u00e9tents de Tarascon-sur-Rh\u00f4ne.<\/span><\/p>\t\t\t\t\t\t<\/div>\n\t\t\t\t<\/div>\n\t\t\t\t\t<\/div>\n\t\t<\/div>\n\t\t\t\t\t\t\t<\/div>\n\t\t<\/section>\n\t\t\t\t\t\t\t<\/div>\n\t\t","protected":false},"excerpt":{"rendered":"<p>Politique de confidentialit\u00e9 1 \u2013 Pr\u00e9sentation du site : En vertu 6 de la loi n\u00b0 2004-575 du 21 juin 2004\u00a0pour la confiance dans l\u2019\u00e9conomie num\u00e9rique, il est pr\u00e9cis\u00e9 aux utilisateurs du site internet creacom-paca.fr\u00a0l\u2019identit\u00e9 des diff\u00e9rents intervenants dans le cadre de sa r\u00e9alisation et de son suivi : Propri\u00e9taire du site :\u00a0Turrier Denys \u2013 &hellip;<\/p>\n<p class=\"read-more\"> <a class=\"\" href=\"https:\/\/creacom-paca.fr\/?page_id=460\"> <span class=\"screen-reader-text\">Politique de confidentialit\u00e9<\/span> Lire la suite\u00a0\u00bb<\/a><\/p>\n","protected":false},"author":1,"featured_media":0,"parent":0,"menu_order":0,"comment_status":"closed","ping_status":"closed","template":"","meta":{"site-sidebar-layout":"no-sidebar","site-content-layout":"page-builder","ast-global-header-display":"","ast-main-header-display":"","ast-hfb-above-header-display":"","ast-hfb-below-header-display":"","ast-hfb-mobile-header-display":"","site-post-title":"disabled","ast-breadcrumbs-content":"","ast-featured-img":"disabled","footer-sml-layout":"","theme-transparent-header-meta":"","adv-header-id-meta":"","stick-header-meta":"","header-above-stick-meta":"","header-main-stick-meta":"","header-below-stick-meta":"","footnotes":""},"class_list":["post-460","page","type-page","status-publish","hentry"],"yoast_head":"<!-- This site is optimized with the Yoast SEO plugin v21.4 - https:\/\/yoast.com\/wordpress\/plugins\/seo\/ -->\n<title>Politique de confidentialit\u00e9 - Creacom Paca<\/title>\n<meta name=\"robots\" content=\"index, follow, max-snippet:-1, max-image-preview:large, max-video-preview:-1\" \/>\n<link rel=\"canonical\" href=\"https:\/\/creacom-paca.fr\/?page_id=460\" \/>\n<meta property=\"og:locale\" content=\"fr_FR\" \/>\n<meta property=\"og:type\" content=\"article\" \/>\n<meta property=\"og:title\" content=\"Politique de confidentialit\u00e9 - Creacom Paca\" \/>\n<meta property=\"og:description\" content=\"Politique de confidentialit\u00e9 1 \u2013 Pr\u00e9sentation du site : En vertu 6 de la loi n\u00b0 2004-575 du 21 juin 2004\u00a0pour la confiance dans l\u2019\u00e9conomie num\u00e9rique, il est pr\u00e9cis\u00e9 aux utilisateurs du site internet creacom-paca.fr\u00a0l\u2019identit\u00e9 des diff\u00e9rents intervenants dans le cadre de sa r\u00e9alisation et de son suivi : Propri\u00e9taire du site :\u00a0Turrier Denys \u2013 &hellip; Politique de confidentialit\u00e9 Lire la suite\u00a0\u00bb\" \/>\n<meta property=\"og:url\" content=\"https:\/\/creacom-paca.fr\/?page_id=460\" \/>\n<meta property=\"og:site_name\" content=\"Creacom Paca\" \/>\n<meta property=\"article:modified_time\" content=\"2022-10-24T09:46:22+00:00\" \/>\n<meta name=\"twitter:card\" content=\"summary_large_image\" \/>\n<meta name=\"twitter:label1\" content=\"Dur\u00e9e de lecture estim\u00e9e\" \/>\n\t<meta name=\"twitter:data1\" content=\"4 minutes\" \/>\n<script type=\"application\/ld+json\" class=\"yoast-schema-graph\">{\"@context\":\"https:\/\/schema.org\",\"@graph\":[{\"@type\":\"WebPage\",\"@id\":\"https:\/\/creacom-paca.fr\/?page_id=460\",\"url\":\"https:\/\/creacom-paca.fr\/?page_id=460\",\"name\":\"Politique de confidentialit\u00e9 - Creacom Paca\",\"isPartOf\":{\"@id\":\"https:\/\/creacom-paca.fr\/#website\"},\"datePublished\":\"2022-10-17T11:49:38+00:00\",\"dateModified\":\"2022-10-24T09:46:22+00:00\",\"breadcrumb\":{\"@id\":\"https:\/\/creacom-paca.fr\/?page_id=460#breadcrumb\"},\"inLanguage\":\"fr-FR\",\"potentialAction\":[{\"@type\":\"ReadAction\",\"target\":[\"https:\/\/creacom-paca.fr\/?page_id=460\"]}]},{\"@type\":\"BreadcrumbList\",\"@id\":\"https:\/\/creacom-paca.fr\/?page_id=460#breadcrumb\",\"itemListElement\":[{\"@type\":\"ListItem\",\"position\":1,\"name\":\"Accueil\",\"item\":\"https:\/\/creacom-paca.fr\/\"},{\"@type\":\"ListItem\",\"position\":2,\"name\":\"Politique de confidentialit\u00e9\"}]},{\"@type\":\"WebSite\",\"@id\":\"https:\/\/creacom-paca.fr\/#website\",\"url\":\"https:\/\/creacom-paca.fr\/\",\"name\":\"Creacom Paca\",\"description\":\"\",\"potentialAction\":[{\"@type\":\"SearchAction\",\"target\":{\"@type\":\"EntryPoint\",\"urlTemplate\":\"https:\/\/creacom-paca.fr\/?s={search_term_string}\"},\"query-input\":\"required name=search_term_string\"}],\"inLanguage\":\"fr-FR\"}]}<\/script>\n<!-- \/ Yoast SEO plugin. -->","yoast_head_json":{"title":"Politique de confidentialit\u00e9 - Creacom Paca","robots":{"index":"index","follow":"follow","max-snippet":"max-snippet:-1","max-image-preview":"max-image-preview:large","max-video-preview":"max-video-preview:-1"},"canonical":"https:\/\/creacom-paca.fr\/?page_id=460","og_locale":"fr_FR","og_type":"article","og_title":"Politique de confidentialit\u00e9 - Creacom Paca","og_description":"Politique de confidentialit\u00e9 1 \u2013 Pr\u00e9sentation du site : En vertu 6 de la loi n\u00b0 2004-575 du 21 juin 2004\u00a0pour la confiance dans l\u2019\u00e9conomie num\u00e9rique, il est pr\u00e9cis\u00e9 aux utilisateurs du site internet creacom-paca.fr\u00a0l\u2019identit\u00e9 des diff\u00e9rents intervenants dans le cadre de sa r\u00e9alisation et de son suivi : Propri\u00e9taire du site :\u00a0Turrier Denys \u2013 &hellip; Politique de confidentialit\u00e9 Lire la suite\u00a0\u00bb","og_url":"https:\/\/creacom-paca.fr\/?page_id=460","og_site_name":"Creacom Paca","article_modified_time":"2022-10-24T09:46:22+00:00","twitter_card":"summary_large_image","twitter_misc":{"Dur\u00e9e de lecture estim\u00e9e":"4 minutes"},"schema":{"@context":"https:\/\/schema.org","@graph":[{"@type":"WebPage","@id":"https:\/\/creacom-paca.fr\/?page_id=460","url":"https:\/\/creacom-paca.fr\/?page_id=460","name":"Politique de confidentialit\u00e9 - Creacom Paca","isPartOf":{"@id":"https:\/\/creacom-paca.fr\/#website"},"datePublished":"2022-10-17T11:49:38+00:00","dateModified":"2022-10-24T09:46:22+00:00","breadcrumb":{"@id":"https:\/\/creacom-paca.fr\/?page_id=460#breadcrumb"},"inLanguage":"fr-FR","potentialAction":[{"@type":"ReadAction","target":["https:\/\/creacom-paca.fr\/?page_id=460"]}]},{"@type":"BreadcrumbList","@id":"https:\/\/creacom-paca.fr\/?page_id=460#breadcrumb","itemListElement":[{"@type":"ListItem","position":1,"name":"Accueil","item":"https:\/\/creacom-paca.fr\/"},{"@type":"ListItem","position":2,"name":"Politique de confidentialit\u00e9"}]},{"@type":"WebSite","@id":"https:\/\/creacom-paca.fr\/#website","url":"https:\/\/creacom-paca.fr\/","name":"Creacom Paca","description":"","potentialAction":[{"@type":"SearchAction","target":{"@type":"EntryPoint","urlTemplate":"https:\/\/creacom-paca.fr\/?s={search_term_string}"},"query-input":"required name=search_term_string"}],"inLanguage":"fr-FR"}]}},"_links":{"self":[{"href":"https:\/\/creacom-paca.fr\/index.php?rest_route=\/wp\/v2\/pages\/460","targetHints":{"allow":["GET"]}}],"collection":[{"href":"https:\/\/creacom-paca.fr\/index.php?rest_route=\/wp\/v2\/pages"}],"about":[{"href":"https:\/\/creacom-paca.fr\/index.php?rest_route=\/wp\/v2\/types\/page"}],"author":[{"embeddable":true,"href":"https:\/\/creacom-paca.fr\/index.php?rest_route=\/wp\/v2\/users\/1"}],"replies":[{"embeddable":true,"href":"https:\/\/creacom-paca.fr\/index.php?rest_route=%2Fwp%2Fv2%2Fcomments&post=460"}],"version-history":[{"count":14,"href":"https:\/\/creacom-paca.fr\/index.php?rest_route=\/wp\/v2\/pages\/460\/revisions"}],"predecessor-version":[{"id":577,"href":"https:\/\/creacom-paca.fr\/index.php?rest_route=\/wp\/v2\/pages\/460\/revisions\/577"}],"wp:attachment":[{"href":"https:\/\/creacom-paca.fr\/index.php?rest_route=%2Fwp%2Fv2%2Fmedia&parent=460"}],"curies":[{"name":"wp","href":"https:\/\/api.w.org\/{rel}","templated":true}]}}